{"id":78,"date":"2021-05-13T18:15:17","date_gmt":"2021-05-13T16:15:17","guid":{"rendered":"http:\/\/penyabarcelonistasantadria.com\/home\/?page_id=78"},"modified":"2022-07-28T12:00:47","modified_gmt":"2022-07-28T10:00:47","slug":"historia","status":"publish","type":"page","link":"http:\/\/penyabarcelonistasantadria.com\/home\/historia\/","title":{"rendered":"Hist\u00f2ria"},"content":{"rendered":"\t\t<div data-elementor-type=\"wp-page\" data-elementor-id=\"78\" class=\"elementor elementor-78\">\n\t\t\t\t\t\t\t\t\t<section class=\"elementor-section elementor-top-section elementor-element elementor-element-693e02c elementor-section-boxed elementor-section-height-default elementor-section-height-default\" data-id=\"693e02c\" data-element_type=\"section\" data-settings=\"{&quot;background_background&quot;:&quot;gradient&quot;}\">\n\t\t\t\t\t\t<div class=\"elementor-container elementor-column-gap-default\">\n\t\t\t\t\t<div class=\"elementor-column elementor-col-100 elementor-top-column elementor-element elementor-element-7fd6ace\" data-id=\"7fd6ace\" data-element_type=\"column\">\n\t\t\t<div class=\"elementor-widget-wrap elementor-element-populated\">\n\t\t\t\t\t\t\t\t<div class=\"elementor-element elementor-element-9761826 elementor-widget elementor-widget-heading\" data-id=\"9761826\" data-element_type=\"widget\" data-widget_type=\"heading.default\">\n\t\t\t\t<div class=\"elementor-widget-container\">\n\t\t\t<h2 class=\"elementor-heading-title elementor-size-default\">Hist\u00f2ria de la Penya<\/h2>\t\t<\/div>\n\t\t\t\t<\/div>\n\t\t\t\t<div class=\"elementor-element elementor-element-c69ecd4 elementor-widget elementor-widget-text-editor\" data-id=\"c69ecd4\" data-element_type=\"widget\" data-widget_type=\"text-editor.default\">\n\t\t\t\t<div class=\"elementor-widget-container\">\n\t\t\t\t\t\t\t<div><span class=\"fs12 ff1\">Corria l\u2019any 1983 quan uns amics, socis i simpatitzants del Bar\u00e7a, encap\u00e7alats pel Salvador Aragall, ens pos\u00e0rem en contacte amb una empresa d\u2019autocars per anar tots plegats al Camp Nou els dies de partit.<\/span><\/div><div><img decoding=\"async\" class=\"image-0 fleft alignleft\" title=\"\" src=\"http:\/\/penyabarcelonistasantadria.com\/prueba\/images\/001_arrnaczx.jpg\" alt=\"\" \/><span class=\"fs12 ff1\">Durant la temporada seg\u00fcent vam fer el mateix i vam anar madurant la idea de fer una Penya Barcelonista a la nostra localitat. Reunits el dia 14 de febrer de 1985 a l\u2019Ateneu Adrianenc es va formar la junta gestora.<\/span><\/div><div><span class=\"fs12 ff1\">El 4 de juny de 1985, Salvador Aragall, com a president de la comissi\u00f3 gestora, i la resta de companys van celebrar l\u2019Assamblea General on es va escollir el primer consell directiu, que estava format pels seg\u00fcents socis: Salvador Aragall com a president, Jaume Bertr\u00e1n com a sotspresident, Joaquim Dellunder com a secretari, Joan Llu\u00eds Albe com a sots-secretari, Miquel Franch com a tresorer, Antoni Badia com a comptador, i Joan Jen\u00e9, Remigi Llu\u00eds, Joan Oliva, Josep Silva, Bernat Anton, Manuel Cruz, Francesc Mart\u00edn, Miquel S\u00e1nchez, Joana Moreno, Josep Jim\u00e9nez i Crist\u00f2fol Gonz\u00e1lez, com a vosals.<\/span><\/div>\t\t\t\t\t\t<\/div>\n\t\t\t\t<\/div>\n\t\t\t\t<section class=\"elementor-section elementor-inner-section elementor-element elementor-element-2372094 elementor-section-boxed elementor-section-height-default elementor-section-height-default\" data-id=\"2372094\" data-element_type=\"section\">\n\t\t\t\t\t\t<div class=\"elementor-container elementor-column-gap-default\">\n\t\t\t\t\t<div class=\"elementor-column elementor-col-50 elementor-inner-column elementor-element elementor-element-8520e40\" data-id=\"8520e40\" data-element_type=\"column\">\n\t\t\t<div class=\"elementor-widget-wrap elementor-element-populated\">\n\t\t\t\t\t\t\t\t<div class=\"elementor-element elementor-element-7f2555b elementor-widget elementor-widget-image\" data-id=\"7f2555b\" data-element_type=\"widget\" data-widget_type=\"image.default\">\n\t\t\t\t<div class=\"elementor-widget-container\">\n\t\t\t\t\t\t\t\t\t\t\t\t\t\t\t<img loading=\"lazy\" decoding=\"async\" width=\"1024\" height=\"765\" src=\"http:\/\/penyabarcelonistasantadria.com\/home\/wp-content\/uploads\/2022\/06\/011-1-1024x765.jpg\" class=\"attachment-large size-large\" alt=\"\" srcset=\"http:\/\/penyabarcelonistasantadria.com\/home\/wp-content\/uploads\/2022\/06\/011-1-1024x765.jpg 1024w, http:\/\/penyabarcelonistasantadria.com\/home\/wp-content\/uploads\/2022\/06\/011-1-300x224.jpg 300w, http:\/\/penyabarcelonistasantadria.com\/home\/wp-content\/uploads\/2022\/06\/011-1-768x574.jpg 768w, http:\/\/penyabarcelonistasantadria.com\/home\/wp-content\/uploads\/2022\/06\/011-1-1536x1148.jpg 1536w, http:\/\/penyabarcelonistasantadria.com\/home\/wp-content\/uploads\/2022\/06\/011-1-128x96.jpg 128w, http:\/\/penyabarcelonistasantadria.com\/home\/wp-content\/uploads\/2022\/06\/011-1-32x24.jpg 32w, http:\/\/penyabarcelonistasantadria.com\/home\/wp-content\/uploads\/2022\/06\/011-1.jpg 1606w\" sizes=\"auto, (max-width: 1024px) 100vw, 1024px\" \/>\t\t\t\t\t\t\t\t\t\t\t\t\t\t\t<\/div>\n\t\t\t\t<\/div>\n\t\t\t\t\t<\/div>\n\t\t<\/div>\n\t\t\t\t<div class=\"elementor-column elementor-col-50 elementor-inner-column elementor-element elementor-element-40c4a1c\" data-id=\"40c4a1c\" data-element_type=\"column\">\n\t\t\t<div class=\"elementor-widget-wrap elementor-element-populated\">\n\t\t\t\t\t\t\t\t<div class=\"elementor-element elementor-element-4a01c3e elementor-widget elementor-widget-text-editor\" data-id=\"4a01c3e\" data-element_type=\"widget\" data-widget_type=\"text-editor.default\">\n\t\t\t\t<div class=\"elementor-widget-container\">\n\t\t\t\t\t\t\t<p>\u00a0Un cop aprovada la constituci\u00f3 de la Penya per part del F.C. Barcelona i enviada la documentaci\u00f3 adient al Registre d\u2019Associacions de la Generalitat de Catalunya, el 9 de setembre es va inaugurar oficialment la Penya Barcelonista de Sant Adri\u00e0 de Bes\u00f2s al carrer Maragall, 9, al Bar el Nou, en el marc de la Festa Major de la ciutat. La festa d\u2019inauguraci\u00f3 va comptar amb la pres\u00e8ncia d\u2019autoritats municipals, com el batlle adriancenc Antoni Messeguer i representants del F.C. Barcelona, entre ells l\u2019aleshores jugador Salvador Garc\u00eda Puig \u201cSalva\u201d, fill de Sant Adri\u00e0.<\/p>\t\t\t\t\t\t<\/div>\n\t\t\t\t<\/div>\n\t\t\t\t\t<\/div>\n\t\t<\/div>\n\t\t\t\t\t\t\t<\/div>\n\t\t<\/section>\n\t\t\t\t<div class=\"elementor-element elementor-element-a436831 elementor-widget elementor-widget-text-editor\" data-id=\"a436831\" data-element_type=\"widget\" data-widget_type=\"text-editor.default\">\n\t\t\t\t<div class=\"elementor-widget-container\">\n\t\t\t\t\t\t\t<div><span class=\"fs12 ff1\">La Penya va suprimir fronteres, perqu\u00e8 va aconseguir fer desapar\u00e8ixer el tradicional distanciament entre les persones d\u2019origens diferents; la dels ve\u00efns de \u201cdalt\u201d i de \u201cbaix\u201d; la dels ve\u00efns d\u2019una banda i altra del riu; les de Sant Adri\u00e0, Santa Coloma de Gramenet i Badalona, ja que la Penya ens agermana a tots.<\/span><\/div><div><span class=\"fs12 ff1\">Un cop constitu\u00efda la Penya Barcelonista, el primer acte on es va assistir com a tal va ser el Congr\u00e9s de Penyes Barcelonistes, a l\u2019Hotel Princesa Sof\u00eda. A continuaci\u00f3, tamb\u00e9 es va assistir a la Trobada Mundial de Penyes a Cardedeu.<\/span><\/div><div>El 25 de setembre de 1985 es va organitzar la primera excursi\u00f3 de la Penya. Tres autocars van sortir del Bar el Nou del carrer Maragall en direcci\u00f3 a la muntanya de Montserrat per fer un dels actes m\u00e9s importants de la recentment creada Penya Barcelonista de Sant Adri\u00e0: la benedicci\u00f3 de la bandera, estendard de l\u2019entitat. Pr\u00e8via concentraci\u00f3 i perm\u00eds de l\u2019Abat, va celebrar la missa el rector de la parr\u00f2quia de Sant Adri\u00e0, Moss\u00e8n Cosme. Va ser bene\u00efda la bandera a la Bas\u00edlica de Montserrat, essent els padrins Cristina Jen\u00e9 i Jaume Aldab\u00f3. A l\u2019acte van assistir la Junta i m\u00e9s de 160 socis i simpatitzants. Acabada la missa es va celebrar un dinar de germanor.<\/div>\t\t\t\t\t\t<\/div>\n\t\t\t\t<\/div>\n\t\t\t\t<section class=\"elementor-section elementor-inner-section elementor-element elementor-element-1cc9d6a elementor-section-boxed elementor-section-height-default elementor-section-height-default\" data-id=\"1cc9d6a\" data-element_type=\"section\">\n\t\t\t\t\t\t<div class=\"elementor-container elementor-column-gap-default\">\n\t\t\t\t\t<div class=\"elementor-column elementor-col-50 elementor-inner-column elementor-element elementor-element-ddb087d\" data-id=\"ddb087d\" data-element_type=\"column\">\n\t\t\t<div class=\"elementor-widget-wrap elementor-element-populated\">\n\t\t\t\t\t\t\t\t<div class=\"elementor-element elementor-element-8288afe elementor-widget elementor-widget-text-editor\" data-id=\"8288afe\" data-element_type=\"widget\" data-widget_type=\"text-editor.default\">\n\t\t\t\t<div class=\"elementor-widget-container\">\n\t\t\t\t\t\t\t<p>L\u2019any seg\u00fcent, el 1986, es canvia de local, passant al carrer Barraquer, 4, a la Granja Maru, en un pis deixat gentilment pel president de la Penya, Salvador Aragall. All\u00ed romandrem durant tres anys. El president de l\u2019Ateneu Adrianenc, aleshores el senyor Armand Escardo, el va oferir com a seu a la Penya i all\u00ed es va trasllar el 10 de maig de 1989.<\/p>\t\t\t\t\t\t<\/div>\n\t\t\t\t<\/div>\n\t\t\t\t<div class=\"elementor-element elementor-element-b95a549 elementor-widget elementor-widget-text-editor\" data-id=\"b95a549\" data-element_type=\"widget\" data-widget_type=\"text-editor.default\">\n\t\t\t\t<div class=\"elementor-widget-container\">\n\t\t\t\t\t\t\t<p><span class=\"fs12 ff1\">L\u2019any 1992 es va decidir tenir per fi un local propi, i es compren uns baixos al carrer Bogatell,\u00a0<\/span><span class=\"fs12 ff1\">71,<\/span><img decoding=\"async\" class=\"image-2 fright alignright\" title=\"\" src=\"http:\/\/penyabarcelonistasantadria.com\/prueba\/images\/003.jpg\" alt=\"\" \/><span class=\"fs12 ff1\">\u00a0i una vegada acabades les obres, fetes gr\u00e0cies al se\u00f1or Chopo, soci de la Penya, es va traslladar la Penya Barcelonista. La nova seu es va inaugurar l\u20191 de maig de 1993 amb la pres\u00e8ncia de l\u2019alcalde de la ciutat, Antoni Messeger, el representant del Bar\u00e7a, senyor Farr\u00e9, i la benedicci\u00f3 del local del pare Juli\u00e0. Gr\u00e0cies a que la nova seu estava al centre de Sant Adri\u00e0, el nombre de socis va augmentar molt, passant de 300 a 800 socis. Tamb\u00e9 es van poder comen\u00e7ar a realitzar activitats com revetlles, sopars i festes, a m\u00e9s de les activitats tradicionals com els jocs de cartes, d\u00f2mino, escacs, etc.<\/span><\/p>\t\t\t\t\t\t<\/div>\n\t\t\t\t<\/div>\n\t\t\t\t\t<\/div>\n\t\t<\/div>\n\t\t\t\t<div class=\"elementor-column elementor-col-50 elementor-inner-column elementor-element elementor-element-a951b0d\" data-id=\"a951b0d\" data-element_type=\"column\">\n\t\t\t<div class=\"elementor-widget-wrap elementor-element-populated\">\n\t\t\t\t\t\t\t\t<div class=\"elementor-element elementor-element-ebd96d3 elementor-widget elementor-widget-image\" data-id=\"ebd96d3\" data-element_type=\"widget\" data-widget_type=\"image.default\">\n\t\t\t\t<div class=\"elementor-widget-container\">\n\t\t\t\t\t\t\t\t\t\t\t\t<figure class=\"wp-caption\">\n\t\t\t\t\t\t\t\t\t\t<img loading=\"lazy\" decoding=\"async\" width=\"98\" height=\"202\" src=\"http:\/\/penyabarcelonistasantadria.com\/home\/wp-content\/uploads\/2021\/05\/002.jpg\" class=\"attachment-large size-large\" alt=\"\" srcset=\"http:\/\/penyabarcelonistasantadria.com\/home\/wp-content\/uploads\/2021\/05\/002.jpg 98w, http:\/\/penyabarcelonistasantadria.com\/home\/wp-content\/uploads\/2021\/05\/002-49x100.jpg 49w, http:\/\/penyabarcelonistasantadria.com\/home\/wp-content\/uploads\/2021\/05\/002-24x50.jpg 24w, http:\/\/penyabarcelonistasantadria.com\/home\/wp-content\/uploads\/2021\/05\/002-12x25.jpg 12w\" sizes=\"auto, (max-width: 98px) 100vw, 98px\" \/>\t\t\t\t\t\t\t\t\t\t\t<figcaption class=\"widget-image-caption wp-caption-text\"><\/figcaption>\n\t\t\t\t\t\t\t\t\t\t<\/figure>\n\t\t\t\t\t\t\t\t\t<\/div>\n\t\t\t\t<\/div>\n\t\t\t\t<div class=\"elementor-element elementor-element-63fc218 elementor-widget elementor-widget-image\" data-id=\"63fc218\" data-element_type=\"widget\" data-widget_type=\"image.default\">\n\t\t\t\t<div class=\"elementor-widget-container\">\n\t\t\t\t\t\t\t\t\t\t\t\t<figure class=\"wp-caption\">\n\t\t\t\t\t\t\t\t\t\t<img loading=\"lazy\" decoding=\"async\" width=\"1024\" height=\"768\" src=\"http:\/\/penyabarcelonistasantadria.com\/home\/wp-content\/uploads\/2022\/06\/015-1-1024x768.jpg\" class=\"attachment-large size-large\" alt=\"\" srcset=\"http:\/\/penyabarcelonistasantadria.com\/home\/wp-content\/uploads\/2022\/06\/015-1-1024x768.jpg 1024w, http:\/\/penyabarcelonistasantadria.com\/home\/wp-content\/uploads\/2022\/06\/015-1-300x225.jpg 300w, http:\/\/penyabarcelonistasantadria.com\/home\/wp-content\/uploads\/2022\/06\/015-1-768x576.jpg 768w, http:\/\/penyabarcelonistasantadria.com\/home\/wp-content\/uploads\/2022\/06\/015-1-1536x1152.jpg 1536w, http:\/\/penyabarcelonistasantadria.com\/home\/wp-content\/uploads\/2022\/06\/015-1-128x96.jpg 128w, http:\/\/penyabarcelonistasantadria.com\/home\/wp-content\/uploads\/2022\/06\/015-1-32x24.jpg 32w, http:\/\/penyabarcelonistasantadria.com\/home\/wp-content\/uploads\/2022\/06\/015-1.jpg 1578w\" sizes=\"auto, (max-width: 1024px) 100vw, 1024px\" \/>\t\t\t\t\t\t\t\t\t\t\t<figcaption class=\"widget-image-caption wp-caption-text\">Carrer Bogatell, 71<\/figcaption>\n\t\t\t\t\t\t\t\t\t\t<\/figure>\n\t\t\t\t\t\t\t\t\t<\/div>\n\t\t\t\t<\/div>\n\t\t\t\t\t<\/div>\n\t\t<\/div>\n\t\t\t\t\t\t\t<\/div>\n\t\t<\/section>\n\t\t\t\t<section class=\"elementor-section elementor-inner-section elementor-element elementor-element-eb8bccc elementor-section-boxed elementor-section-height-default elementor-section-height-default\" data-id=\"eb8bccc\" data-element_type=\"section\">\n\t\t\t\t\t\t<div class=\"elementor-container elementor-column-gap-default\">\n\t\t\t\t\t<div class=\"elementor-column elementor-col-50 elementor-inner-column elementor-element elementor-element-2fffcef\" data-id=\"2fffcef\" data-element_type=\"column\">\n\t\t\t<div class=\"elementor-widget-wrap elementor-element-populated\">\n\t\t\t\t\t\t\t\t<div class=\"elementor-element elementor-element-09fde68 elementor-widget elementor-widget-image\" data-id=\"09fde68\" data-element_type=\"widget\" data-widget_type=\"image.default\">\n\t\t\t\t<div class=\"elementor-widget-container\">\n\t\t\t\t\t\t\t\t\t\t\t\t<figure class=\"wp-caption\">\n\t\t\t\t\t\t\t\t\t\t<img loading=\"lazy\" decoding=\"async\" width=\"1024\" height=\"767\" src=\"http:\/\/penyabarcelonistasantadria.com\/home\/wp-content\/uploads\/2022\/06\/004-1-1024x767.jpg\" class=\"attachment-large size-large\" alt=\"\" srcset=\"http:\/\/penyabarcelonistasantadria.com\/home\/wp-content\/uploads\/2022\/06\/004-1-1024x767.jpg 1024w, http:\/\/penyabarcelonistasantadria.com\/home\/wp-content\/uploads\/2022\/06\/004-1-300x225.jpg 300w, http:\/\/penyabarcelonistasantadria.com\/home\/wp-content\/uploads\/2022\/06\/004-1-768x575.jpg 768w, http:\/\/penyabarcelonistasantadria.com\/home\/wp-content\/uploads\/2022\/06\/004-1-1536x1150.jpg 1536w, http:\/\/penyabarcelonistasantadria.com\/home\/wp-content\/uploads\/2022\/06\/004-1-128x96.jpg 128w, http:\/\/penyabarcelonistasantadria.com\/home\/wp-content\/uploads\/2022\/06\/004-1-32x24.jpg 32w, http:\/\/penyabarcelonistasantadria.com\/home\/wp-content\/uploads\/2022\/06\/004-1.jpg 1607w\" sizes=\"auto, (max-width: 1024px) 100vw, 1024px\" \/>\t\t\t\t\t\t\t\t\t\t\t<figcaption class=\"widget-image-caption wp-caption-text\">Carrer Maragall, 18<\/figcaption>\n\t\t\t\t\t\t\t\t\t\t<\/figure>\n\t\t\t\t\t\t\t\t\t<\/div>\n\t\t\t\t<\/div>\n\t\t\t\t\t<\/div>\n\t\t<\/div>\n\t\t\t\t<div class=\"elementor-column elementor-col-50 elementor-inner-column elementor-element elementor-element-c6e1c40\" data-id=\"c6e1c40\" data-element_type=\"column\">\n\t\t\t<div class=\"elementor-widget-wrap elementor-element-populated\">\n\t\t\t\t\t\t\t\t<div class=\"elementor-element elementor-element-8ecc1b9 elementor-widget elementor-widget-text-editor\" data-id=\"8ecc1b9\" data-element_type=\"widget\" data-widget_type=\"text-editor.default\">\n\t\t\t\t<div class=\"elementor-widget-container\">\n\t\t\t\t\t\t\t<p><span class=\"fs12 ff1\">En pocs anys es fa petit el local i es pensa en la compra d\u2019un altre local, pr\u00e8via venda de l\u2019anterior, al carrer Maragall, 18, on actualment t\u00e9 la seu la Penya Barcelonista Sant Adri\u00e0. El local es va inaugurar l\u20191 de maig de 2001, <\/span><span class=\"fs12 ff1\">en un acte que va aplegar nombr\u00f3s nombre de socis i simpatitzants, aix\u00ed com una important representaci\u00f3 de l\u2019Ajuntament de la ciutat, amb l\u2019alcalde, Jes\u00fas Mar\u00eda Canga, al capdavant. Tamb\u00e9 hi va assistir el representant del F.C. Barcelona, Emili Creus, i el pare \u00c0ngel, que va bene\u00efr el local. El n\u00famero de persones que hi van acudir era tan gran que la policia va haver de tallar el carrer. Tots junts van gaudir d\u2019un aperitiu al local i un dinar celebrat a la pla\u00e7a Vel\u00e1zquez, organitzat per l\u2019Ajuntament. La nova seu compta amb 160 metres, m\u00e9s 24 metres de pati, amb barra de bar, sala de juntes i zona de no fumadors on es poden veure tots els partits del Bar\u00e7a.<\/span><\/p>\t\t\t\t\t\t<\/div>\n\t\t\t\t<\/div>\n\t\t\t\t\t<\/div>\n\t\t<\/div>\n\t\t\t\t\t\t\t<\/div>\n\t\t<\/section>\n\t\t\t\t<section class=\"elementor-section elementor-inner-section elementor-element elementor-element-5995403 elementor-section-boxed elementor-section-height-default elementor-section-height-default\" data-id=\"5995403\" data-element_type=\"section\">\n\t\t\t\t\t\t<div class=\"elementor-container elementor-column-gap-default\">\n\t\t\t\t\t<div class=\"elementor-column elementor-col-50 elementor-inner-column elementor-element elementor-element-567bb7d\" data-id=\"567bb7d\" data-element_type=\"column\">\n\t\t\t<div class=\"elementor-widget-wrap elementor-element-populated\">\n\t\t\t\t\t\t\t\t<div class=\"elementor-element elementor-element-19f9c96 elementor-widget elementor-widget-text-editor\" data-id=\"19f9c96\" data-element_type=\"widget\" data-widget_type=\"text-editor.default\">\n\t\t\t\t<div class=\"elementor-widget-container\">\n\t\t\t\t\t\t\t<p>La Penya Barcelonista Sant Adri\u00e0 compta amb un himne, obra del m\u00fasic i compositor Antoni Pericas, que ens va deixar i que reflexa el sentiment i l\u2019amor al Bar\u00e7a que portava dins del cor. El 14 de juny de 2011 es va presentar oficialment l\u2019himne a l\u2019Ateneu Adrianenc, i va ser interpretat per la Coral Tradicional de Ripollet i la Coral Arc de Sant Adri\u00e0.<\/p>\t\t\t\t\t\t<\/div>\n\t\t\t\t<\/div>\n\t\t\t\t\t<\/div>\n\t\t<\/div>\n\t\t\t\t<div class=\"elementor-column elementor-col-50 elementor-inner-column elementor-element elementor-element-d195c1b\" data-id=\"d195c1b\" data-element_type=\"column\">\n\t\t\t<div class=\"elementor-widget-wrap elementor-element-populated\">\n\t\t\t\t\t\t\t\t<div class=\"elementor-element elementor-element-30ada89 elementor-widget elementor-widget-image\" data-id=\"30ada89\" data-element_type=\"widget\" data-widget_type=\"image.default\">\n\t\t\t\t<div class=\"elementor-widget-container\">\n\t\t\t\t\t\t\t\t\t\t\t\t\t\t\t<img loading=\"lazy\" decoding=\"async\" width=\"95\" height=\"136\" src=\"http:\/\/penyabarcelonistasantadria.com\/home\/wp-content\/uploads\/2021\/05\/compositor.jpg\" class=\"attachment-large size-large\" alt=\"\" \/>\t\t\t\t\t\t\t\t\t\t\t\t\t\t\t<\/div>\n\t\t\t\t<\/div>\n\t\t\t\t\t<\/div>\n\t\t<\/div>\n\t\t\t\t\t\t\t<\/div>\n\t\t<\/section>\n\t\t\t\t<div class=\"elementor-element elementor-element-cac6389 elementor-widget elementor-widget-text-editor\" data-id=\"cac6389\" data-element_type=\"widget\" data-widget_type=\"text-editor.default\">\n\t\t\t\t<div class=\"elementor-widget-container\">\n\t\t\t\t\t\t\t<div id=\"imCellStyleGraphics_1\" style=\"text-align: left;\"><span style=\"font-size: 16px;\">Un altre dels s\u00edmbols de la Penya, el seu escut, es pot veure al n\u00famero 96, al Gol Nord del Camp Nou. Es va col\u00b7locar l\u201911 d\u2019abril de 1994.<\/span><\/div>\t\t\t\t\t\t<\/div>\n\t\t\t\t<\/div>\n\t\t\t\t<section class=\"elementor-section elementor-inner-section elementor-element elementor-element-4ec2820 elementor-section-boxed elementor-section-height-default elementor-section-height-default\" data-id=\"4ec2820\" data-element_type=\"section\">\n\t\t\t\t\t\t<div class=\"elementor-container elementor-column-gap-default\">\n\t\t\t\t\t<div class=\"elementor-column elementor-col-50 elementor-inner-column elementor-element elementor-element-5434dc8\" data-id=\"5434dc8\" data-element_type=\"column\">\n\t\t\t<div class=\"elementor-widget-wrap elementor-element-populated\">\n\t\t\t\t\t\t\t\t<div class=\"elementor-element elementor-element-fa6e0b0 elementor-widget elementor-widget-image\" data-id=\"fa6e0b0\" data-element_type=\"widget\" data-widget_type=\"image.default\">\n\t\t\t\t<div class=\"elementor-widget-container\">\n\t\t\t\t\t\t\t\t\t\t\t\t\t\t\t<img loading=\"lazy\" decoding=\"async\" width=\"716\" height=\"1024\" src=\"http:\/\/penyabarcelonistasantadria.com\/home\/wp-content\/uploads\/2022\/06\/001-2-716x1024.jpg\" class=\"attachment-large size-large\" alt=\"\" srcset=\"http:\/\/penyabarcelonistasantadria.com\/home\/wp-content\/uploads\/2022\/06\/001-2-716x1024.jpg 716w, http:\/\/penyabarcelonistasantadria.com\/home\/wp-content\/uploads\/2022\/06\/001-2-210x300.jpg 210w, http:\/\/penyabarcelonistasantadria.com\/home\/wp-content\/uploads\/2022\/06\/001-2-768x1099.jpg 768w, http:\/\/penyabarcelonistasantadria.com\/home\/wp-content\/uploads\/2022\/06\/001-2-1073x1536.jpg 1073w, http:\/\/penyabarcelonistasantadria.com\/home\/wp-content\/uploads\/2022\/06\/001-2-1431x2048.jpg 1431w, http:\/\/penyabarcelonistasantadria.com\/home\/wp-content\/uploads\/2022\/06\/001-2-89x128.jpg 89w, http:\/\/penyabarcelonistasantadria.com\/home\/wp-content\/uploads\/2022\/06\/001-2-22x32.jpg 22w, http:\/\/penyabarcelonistasantadria.com\/home\/wp-content\/uploads\/2022\/06\/001-2.jpg 1634w\" sizes=\"auto, (max-width: 716px) 100vw, 716px\" \/>\t\t\t\t\t\t\t\t\t\t\t\t\t\t\t<\/div>\n\t\t\t\t<\/div>\n\t\t\t\t\t<\/div>\n\t\t<\/div>\n\t\t\t\t<div class=\"elementor-column elementor-col-50 elementor-inner-column elementor-element elementor-element-588f02f\" data-id=\"588f02f\" data-element_type=\"column\">\n\t\t\t<div class=\"elementor-widget-wrap elementor-element-populated\">\n\t\t\t\t\t\t\t\t<div class=\"elementor-element elementor-element-19aced3 elementor-widget elementor-widget-text-editor\" data-id=\"19aced3\" data-element_type=\"widget\" data-widget_type=\"text-editor.default\">\n\t\t\t\t<div class=\"elementor-widget-container\">\n\t\t\t\t\t\t\t<p><span class=\"fs12 ff1\">La Penya Barcelonista de Sant Adri\u00e0 participa des de la seva fundaci\u00f3 en les trobades de penyes barcelonistes.\u00a0<\/span><img decoding=\"async\" class=\"image-5 fright alignright\" title=\"\" src=\"http:\/\/penyabarcelonistasantadria.com\/prueba\/images\/cartel-trobada-penyes.jpg\" alt=\"\" \/><span class=\"fs12 ff1\">Un dels moments m\u00e9s importants dins la hist\u00f2ria de l\u2019entitat es va viure el setembre de 2004, quan va organitzar la XXVIII Trobada de Penyes Barcelonistes, sota el lema \u201cEstimem al Bar\u00e7a\u201d. Del 10 al 12 de setembre es van dur a terme activitats a la llera del riu Bes\u00f2s, amb la pres\u00e8ncia del president del Bar\u00e7a de l\u2019\u00e8poca, Joan Laporta, i d\u2019exjugadors com Hristo Stoichkov, Eusebio i Enric Masip. El Congr\u00e9s de Penyes es va dur a terme a l\u2019edifici F\u00f2rum, i la concentraci\u00f3 dels estandarts a la Pla\u00e7a de la Vila, davant el consistori. Al costat de la seu de la Penya es va descobrir una est\u00e0tua commemorativa obra de l\u2019escultor adrianenc Guerau Cal\u00e0bia. El final de festa el van posar els jugadors Carles Puyol i Edmilson.<\/span><\/p>\t\t\t\t\t\t<\/div>\n\t\t\t\t<\/div>\n\t\t\t\t\t<\/div>\n\t\t<\/div>\n\t\t\t\t\t\t\t<\/div>\n\t\t<\/section>\n\t\t\t\t<div class=\"elementor-element elementor-element-dc76fb4 elementor-widget elementor-widget-text-editor\" data-id=\"dc76fb4\" data-element_type=\"widget\" data-widget_type=\"text-editor.default\">\n\t\t\t\t<div class=\"elementor-widget-container\">\n\t\t\t\t\t\t\t<div><span class=\"fs12 ff1\">A m\u00e9s de celebrar cada tardor l\u2019aniversari de la Penya, l\u2019entitat realitza cada mes sortides i excursions de caire cultural i gastron\u00f2mic. La Penya ha visitat, entre d\u2019altres, Andorra, Sant Sadurn\u00ed d\u2019Anoia, Valls, Olot, Olesa, la Vall d\u2019Aran, Castella N\u2019Hug, Setcases, Altafulla, Segarra, Cardona, etc.<\/span><\/div><div><span class=\"fs12 ff1\">Tamb\u00e9 ha dut a terme despla\u00e7aments seguint al Bar\u00e7a a Saragossa, Sant Sebasti\u00e0, Val\u00e8ncia, Castell\u00f3, Pamplona,\u2026 I a les finals de la Copa d\u2019Europa de Sevilla, Wembley i Par\u00eds (amb la Penya Gol 3.000), la Supercopa d\u2019Europa a M\u00f3naco, i les finals de la Copa del Rei a Madrid i Val\u00e8ncia. A m\u00e9s d\u2019acudir al Camp Nou cada partit del club a Can Bar\u00e7a.<\/span><\/div><div><span class=\"fs12 ff1\">L\u2019any 2010, l\u2019Ajuntament del municipi va escollir la Penya Barcelonista Sant Adri\u00e0 perqu\u00e8 sigu\u00e9s la pregonera de la Festa Major. Just l\u2019any que celebrava el seu 25\u00e8 aniversari. \u00a0<\/span><\/div>\t\t\t\t\t\t<\/div>\n\t\t\t\t<\/div>\n\t\t\t\t\t<\/div>\n\t\t<\/div>\n\t\t\t\t\t\t\t<\/div>\n\t\t<\/section>\n\t\t\t\t\t\t\t<\/div>\n\t\t","protected":false},"excerpt":{"rendered":"<p>Hist\u00f2ria de la Penya Corria l\u2019any 1983 quan uns amics, socis i simpatitzants del Bar\u00e7a, encap\u00e7alats pel Salvador Aragall, ens pos\u00e0rem en contacte amb una empresa d\u2019autocars per anar tots plegats al Camp Nou els dies de partit.Durant la temporada seg\u00fcent vam fer el mateix i vam anar madurant la idea de fer una Penya &hellip;<\/p>\n<p class=\"read-more\"> <a class=\"\" href=\"http:\/\/penyabarcelonistasantadria.com\/home\/historia\/\"> <span class=\"screen-reader-text\">Hist\u00f2ria<\/span> Leer m\u00e1s &raquo;<\/a><\/p>\n","protected":false},"author":1,"featured_media":0,"parent":0,"menu_order":0,"comment_status":"closed","ping_status":"closed","template":"elementor_header_footer","meta":{"site-sidebar-layout":"no-sidebar","site-content-layout":"page-builder","ast-global-header-display":"","ast-main-header-display":"","ast-hfb-above-header-display":"","ast-hfb-below-header-display":"","ast-hfb-mobile-header-display":"","site-post-title":"disabled","ast-breadcrumbs-content":"","ast-featured-img":"disabled","footer-sml-layout":"","theme-transparent-header-meta":"default","adv-header-id-meta":"","stick-header-meta":"","header-above-stick-meta":"","header-main-stick-meta":"","header-below-stick-meta":"","footnotes":""},"class_list":["post-78","page","type-page","status-publish","hentry"],"_links":{"self":[{"href":"http:\/\/penyabarcelonistasantadria.com\/home\/wp-json\/wp\/v2\/pages\/78","targetHints":{"allow":["GET"]}}],"collection":[{"href":"http:\/\/penyabarcelonistasantadria.com\/home\/wp-json\/wp\/v2\/pages"}],"about":[{"href":"http:\/\/penyabarcelonistasantadria.com\/home\/wp-json\/wp\/v2\/types\/page"}],"author":[{"embeddable":true,"href":"http:\/\/penyabarcelonistasantadria.com\/home\/wp-json\/wp\/v2\/users\/1"}],"replies":[{"embeddable":true,"href":"http:\/\/penyabarcelonistasantadria.com\/home\/wp-json\/wp\/v2\/comments?post=78"}],"version-history":[{"count":30,"href":"http:\/\/penyabarcelonistasantadria.com\/home\/wp-json\/wp\/v2\/pages\/78\/revisions"}],"predecessor-version":[{"id":3786,"href":"http:\/\/penyabarcelonistasantadria.com\/home\/wp-json\/wp\/v2\/pages\/78\/revisions\/3786"}],"wp:attachment":[{"href":"http:\/\/penyabarcelonistasantadria.com\/home\/wp-json\/wp\/v2\/media?parent=78"}],"curies":[{"name":"wp","href":"https:\/\/api.w.org\/{rel}","templated":true}]}}